{"id":3803,"date":"2026-04-24T17:11:49","date_gmt":"2026-04-24T15:11:49","guid":{"rendered":"https:\/\/qzrstudio.com\/teatroregioparma\/spettacolo\/boris-godunov\/"},"modified":"2026-08-27T14:47:22","modified_gmt":"2026-08-27T12:47:22","slug":"boris-godunov","status":"publish","type":"show","link":"https:\/\/teatroregioparma.it\/en\/show\/boris-godunov\/","title":{"rendered":"Boris Godunov"},"content":{"rendered":"\t<div class=\"show-header alignfull opera-header has-yellow-background-color with-image\" >\r\n\t\t<div class=\"is-layout-constrained\">\r\n\t\t\t<div class=\"wp-block-columns alignwide flex space\">\r\n\t\t\t\t\t\t\t\t\t<div class=\"wp-block-column show-header-image\">\r\n\t\t\t\t\t\t<img decoding=\"async\" src=\"https:\/\/teatroregioparma.it\/wp-content\/uploads\/2026\/05\/TRP-26-BANNER-ALPHA-1080x1080-BORIS-GODUNOV.png\">\r\n\t\t\t\t\t<\/div>\r\n\t\t\t\t\t\t\t\t<div class=\"wp-block-column show-header-info\">\r\n\t\t\t\t\t<div class=\"text-content flex column\">\r\n\t\t\t\t\t\t<div class=\"breadcrumbs\">\r\n\t\t\t\t\t\t\tShows | <a class=\"parent-category\" href=\"https:\/\/teatroregioparma.it\/en\/show-category\/opera\/\">Opera<\/a> | <span class=\"child-category\">Season 27<\/span>\t\t\t\t\t\t<\/div>\r\n\t\t\t\t\t\t<h1 class=\"ss01\">Boris Godunov<\/h1>\r\n\t\t\t\t\t\t<div class=\"subtitle\"><p>Modest Petrovi\u010d Musorgskij<\/p>\n<\/div>\r\n\t\t\t\t\t<\/div>\r\n\t\t\t\t\t<ul class=\"dates has-h-4-font-size\">\r\n\t\t\t\t\t\t\t\t\t\t\t\t\t<li class=\"date\">18<br>Jan<br>2027<\/li>\r\n\t\t\t\t\t\t\t\t\t\t\t\t\t<li class=\"date\">20<br>Jan<br>2027<\/li>\r\n\t\t\t\t\t\t\t\t\t\t\t\t\t<li class=\"date\">22<br>Jan<br>2027<\/li>\r\n\t\t\t\t\t\t\t\t\t\t\t\t\t<li class=\"date\">24<br>Jan<br>2027<\/li>\r\n\t\t\t\t\t\t\t\t\t\t\t\t\t<li class=\"date\">28<br>Jan<br>2027<\/li>\r\n\t\t\t\t\t\t\t\t\t\t\t\t\t<li class=\"date\">30<br>Jan<br>2027<\/li>\r\n\t\t\t\t\t\t\t\t\t\t\t<\/ul>\r\n\t\t\t\t<\/div>\r\n\t\t\t<\/div>\r\n\t\t<\/div>\r\n\t<\/div>\r\n\t\n\n\t<div class=\"anchor-menu horizontal-type alignfull is-layout-constrained\">\r\n\t\t<div class=\"alignwide\">\r\n\t\t\t<div class=\"anchors\">\r\n\t\t\t\t\t\t\t\t\t<a href=\"#spettacolo\" title=\"Go to  Spettacolo\">Spettacolo<\/a>\r\n\t\t\t\t\t\t\t\t\t<a href=\"#cast\" title=\"Go to  Cast\">Cast<\/a>\r\n\t\t\t\t\t\t\t\t\t<a href=\"#informazioni\" title=\"Go to  Informazioni\">Informazioni<\/a>\r\n\t\t\t\t\t\t\t<\/div>\r\n\t\t<\/div>\r\n\t<\/div>\r\n\t\n\n\n<h2 id=\"spettacolo\" class=\"wp-block-heading alignwide\">Spettacolo<\/h2>\n\n\n\n<div class=\"wp-block-columns alignwide is-layout-flex wp-container-core-columns-is-layout-36a86d9e wp-block-columns-is-layout-flex\" style=\"margin-bottom:var(--wp--preset--spacing--80)\">\n<div class=\"wp-block-column is-layout-flow wp-block-column-is-layout-flow\" style=\"flex-basis:50%\">\n<p class=\"wp-block-paragraph\">Musica <strong>Modest Petrovi\u010d Musorgskij<\/strong><br>Dramma musicale popolare in quattro parti (versione 1869 con inserti della versione 1874)<br>Libretto di Modest Petrovi\u010d Musorgskij <br>SCHOTT MUSIC, Editore originale<br>SZ SUGAR \u2013 CREAZIONI ARTISTICHE MUSICALI CAM SRL, Rappresentante per l\u2019Italia<br>Prima rappresentazione il 27gennaio 1874 al Teatro Mariinskij, San Pietroburgo<\/p>\n\n\n\n<hr class=\"wp-block-separator has-alpha-channel-opacity\"\/>\n\n\n\n<p class=\"wp-block-paragraph\">direttore <strong>James Conlon <\/strong><br>regia <strong>Leo Muscato<\/strong><br>scene <strong>Federica Parolini <\/strong><br>costumi <strong>Silvia Aymonino <\/strong><br>luci <strong>Alessandro Verazzi <\/strong><\/p>\n\n\n\n<p class=\"wp-block-paragraph\"><strong>FILARMONICA ARTURO TOSCANINI <br>CORO DEL TEATRO REGIO DI PARMA<\/strong><br>Maestro del coro <strong>Martino Faggiani <\/strong><\/p>\n\n\n\n<p class=\"wp-block-paragraph\">nuovo allestimento <strong>Teatro Regio di Parma <\/strong><\/p>\n\n\n\n<p class=\"wp-block-paragraph\">spettacolo con sopratitoli in italiano<\/p>\n<\/div>\n\n\n\n<div class=\"wp-block-column is-layout-flow wp-block-column-is-layout-flow\" style=\"flex-basis:17%\"><\/div>\n\n\n\n<div class=\"wp-block-column is-layout-flow wp-block-column-is-layout-flow\" style=\"flex-basis:33%\">\t<div class=\"show-dates-wrapper\"><div class=\"show-venue flex gap-12 margin-bottom-32\"><span class=\"icon-place\"><\/span><a href=\"https:\/\/maps.app.goo.gl\/aeFpffWZMgcJSB9AA\" target=\"_blank\" title=\"Teatro Regio di Parma\">Teatro Regio di Parma<\/a><\/div>\t\t\t\t<div class=\"show-dates has-light-gray-background-color\">\r\n\t\t\t\t\t\t\t<div class=\"show-date flex space with-turns\">\r\n\t\t\t\t\t<div><span class=\"icon-calendar\"><\/span>Fri 22 Jan<\/div>\r\n\t\t\t\t\t<div><span class=\"icon-time\"><\/span>20:00<\/div>\r\n\t\t\t\t\t<div><b>TURNO A<\/b><\/div>\t\t\t\t<\/div>\r\n\t\t\t\t\t\t\t<div class=\"show-date flex space with-turns\">\r\n\t\t\t\t\t<div><span class=\"icon-calendar\"><\/span>Sun 24 Jan<\/div>\r\n\t\t\t\t\t<div><span class=\"icon-time\"><\/span>15:30<\/div>\r\n\t\t\t\t\t<div><b>TURNO D<\/b><\/div>\t\t\t\t<\/div>\r\n\t\t\t\t\t\t\t<div class=\"show-date flex space with-turns\">\r\n\t\t\t\t\t<div><span class=\"icon-calendar\"><\/span>Thu 28 Jan<\/div>\r\n\t\t\t\t\t<div><span class=\"icon-time\"><\/span>20:00<\/div>\r\n\t\t\t\t\t<div><b>TURNO B<\/b><\/div>\t\t\t\t<\/div>\r\n\t\t\t\t\t\t\t<div class=\"show-date flex space with-turns\">\r\n\t\t\t\t\t<div><span class=\"icon-calendar\"><\/span>Sat 30 Jan<\/div>\r\n\t\t\t\t\t<div><span class=\"icon-time\"><\/span>17:00<\/div>\r\n\t\t\t\t\t<div><b>TURNO C<\/b><\/div>\t\t\t\t<\/div>\r\n\t\t\t\t\t\t\t<div class=\"show-date flex space with-turns\">\r\n\t\t\t\t\t<div><span class=\"icon-calendar\"><\/span>Mon 18 Jan<\/div>\r\n\t\t\t\t\t<div><span class=\"icon-time\"><\/span>20:00<\/div>\r\n\t\t\t\t\t<div><b>Prova Under30<\/b><\/div>\t\t\t\t<\/div>\r\n\t\t\t\t\t\t\t<div class=\"show-date flex space with-turns\">\r\n\t\t\t\t\t<div><span class=\"icon-calendar\"><\/span>Wed 20 Jan<\/div>\r\n\t\t\t\t\t<div><span class=\"icon-time\"><\/span>15:30<\/div>\r\n\t\t\t\t\t<div><b>Prova Aperta<\/b><\/div>\t\t\t\t<\/div>\r\n\t\t\t\t\t<\/div>\r\n\t\t\t<\/div>\r\n\r\n\t\n\n\n<p class=\"has-h-5-font-size wp-block-paragraph\" style=\"margin-bottom:var(--wp--preset--spacing--6)\">Ticket a partire da 10 euro<\/p>\n\n\n\n<div class=\"wp-block-buttons is-vertical is-content-justification-stretch is-layout-flex wp-container-core-buttons-is-layout-b0a8f334 wp-block-buttons-is-layout-flex\" style=\"margin-top:0\">\n<div class=\"wp-block-button is-style-secondary is-style-secondary--1\"><a class=\"wp-block-button__link wp-element-button\">Agevolazioni<\/a><\/div>\n<\/div>\n<\/div>\n<\/div>\n\n\n\n<h2 id=\"cast\" class=\"wp-block-heading alignwide\">Cast<\/h2>\n\n\n\t<div class=\"profiles alignwide\">\r\n\t\t\t\t\t<div class=\"profile flex column gap\">\r\n\t\t\t\t\t\t\t\t<div class=\"text\">\r\n\t\t\t\t\tBoris Godunov<br>\t\t\t\t\t<b>Giorgi Manoshvili<\/b>\r\n\t\t\t\t<\/div>\r\n\t\t\t<\/div>\r\n\t\t\t\t\t<div class=\"profile flex column gap\">\r\n\t\t\t\t\t\t\t\t<div class=\"text\">\r\n\t\t\t\t\tF\u00ebdor<br>\t\t\t\t\t<b>Ana Vict\u00f2ria Pitts<\/b>\r\n\t\t\t\t<\/div>\r\n\t\t\t<\/div>\r\n\t\t\t\t\t<div class=\"profile flex column gap\">\r\n\t\t\t\t\t\t\t\t<div class=\"text\">\r\n\t\t\t\t\tKsenija<br>\t\t\t\t\t<b>Ekaterina Savinkova<\/b>\r\n\t\t\t\t<\/div>\r\n\t\t\t<\/div>\r\n\t\t\t\t\t<div class=\"profile flex column gap\">\r\n\t\t\t\t\t\t\t\t<div class=\"text\">\r\n\t\t\t\t\tLa nutrice di Ksenija \/ L&#8217;ostessa della locanda <br>\t\t\t\t\t<b>Enkelejda Shkosa<\/b>\r\n\t\t\t\t<\/div>\r\n\t\t\t<\/div>\r\n\t\t\t\t\t<div class=\"profile flex column gap\">\r\n\t\t\t\t\t\t\t\t<div class=\"text\">\r\n\t\t\t\t\tVasilij \u0160ujskij<br>\t\t\t\t\t<b>Dmitry Golovnin<\/b>\r\n\t\t\t\t<\/div>\r\n\t\t\t<\/div>\r\n\t\t\t\t\t<div class=\"profile flex column gap\">\r\n\t\t\t\t\t\t\t\t<div class=\"text\">\r\n\t\t\t\t\tAndrej \u0160\u010delkalov <br>\t\t\t\t\t<b>Vladislav Chizhov<\/b>\r\n\t\t\t\t<\/div>\r\n\t\t\t<\/div>\r\n\t\t\t\t\t<div class=\"profile flex column gap\">\r\n\t\t\t\t\t\t\t\t<div class=\"text\">\r\n\t\t\t\t\tPimen <br>\t\t\t\t\t<b>Dmitry Ulyanov<\/b>\r\n\t\t\t\t<\/div>\r\n\t\t\t<\/div>\r\n\t\t\t\t\t<div class=\"profile flex column gap\">\r\n\t\t\t\t\t\t\t\t<div class=\"text\">\r\n\t\t\t\t\tGrigorij Otrep\u2019ev <br>\t\t\t\t\t<b>Denys Pivnitskyi<\/b>\r\n\t\t\t\t<\/div>\r\n\t\t\t<\/div>\r\n\t\t\t\t\t<div class=\"profile flex column gap\">\r\n\t\t\t\t\t\t\t\t<div class=\"text\">\r\n\t\t\t\t\tVarlaam<br>\t\t\t\t\t<b>Ilia Kazakov<\/b>\r\n\t\t\t\t<\/div>\r\n\t\t\t<\/div>\r\n\t\t\t\t\t<div class=\"profile flex column gap\">\r\n\t\t\t\t\t\t\t\t<div class=\"text\">\r\n\t\t\t\t\tMisail<br>\t\t\t\t\t<b>Francesco Pittari<\/b>\r\n\t\t\t\t<\/div>\r\n\t\t\t<\/div>\r\n\t\t\t\t\t<div class=\"profile flex column gap\">\r\n\t\t\t\t\t\t\t\t<div class=\"text\">\r\n\t\t\t\t\tL\u2019innocente<br>\t\t\t\t\t<b>Leonardo Cortellazzi<\/b>\r\n\t\t\t\t<\/div>\r\n\t\t\t<\/div>\r\n\t\t\t\t\t<div class=\"profile flex column gap\">\r\n\t\t\t\t\t\t\t\t<div class=\"text\">\r\n\t\t\t\t\tGuardia<br>\t\t\t\t\t<b>Stavros Mantis<\/b>\r\n\t\t\t\t<\/div>\r\n\t\t\t<\/div>\r\n\t\t\t<\/div>\r\n\t\n\n\n<h2 id=\"informazioni\" class=\"wp-block-heading alignwide\">Informazioni<\/h2>\n\n\n\t<div class=\"tabs-wrapper alignwide\">\r\n\t\t<div class=\"tabs-menu\">\r\n\t\t\t\t\t\t\t<a class=\"current\" href=\"#come-arrivare\">Come arrivare<\/a>\r\n\t\t\t\t\t\t\t<a class=\"\" href=\"#accessibilita\">Accessibilit\u00e0<\/a>\r\n\t\t\t\t\t<\/div>\r\n\t\t<div class=\"tabs\">\r\n\t\t\t\n\t<div class=\"tab alignwide\" title=\"Come arrivare\" id=\"come-arrivare\">\r\n\t\t\n\n<div class=\"wp-block-columns is-layout-flex wp-container-core-columns-is-layout-9b72719b wp-block-columns-is-layout-flex\">\n<div class=\"wp-block-column is-layout-flow wp-block-column-is-layout-flow\">\n<p class=\"wp-block-paragraph\"><strong>Fondazione Teatro Regio di Parma<\/strong><br>strada Garibaldi, 16\/a<br>43121 Parma \u2013 Italia<br>Tel (+39) 0521 203911<\/p>\n<\/div>\n\n\n\n<div class=\"wp-block-column is-layout-flow wp-block-column-is-layout-flow\">\n<p class=\"wp-block-paragraph\"><strong>Trasporto pubblico<\/strong><br>Linee 1, 2, 15<br>Via Mazzini: linee 3, 4, 5, 8<br>Piazza Ghiaia: linee 6, 7, 8, 9, 11, 12, 13, 21, 23<\/p>\n<\/div>\n\n\n\n<div class=\"wp-block-column is-layout-flow wp-block-column-is-layout-flow\">\n<p class=\"wp-block-paragraph\"><strong>Parcheggio<\/strong><br>Parcheggio Piazza Ghiaia<br>Parcheggio Toschi<br><\/p>\n<\/div>\n<\/div>\n\n\t<\/div>\r\n\t\n\n\t<div class=\"tab alignwide\" title=\"Accessibilit\u00e0\" id=\"accessibilita\">\r\n\t\t\n\n<div class=\"wp-block-columns is-layout-flex wp-container-core-columns-is-layout-9b72719b wp-block-columns-is-layout-flex\">\n<div class=\"wp-block-column is-layout-flow wp-block-column-is-layout-flow\">\n<p class=\"wp-block-paragraph\">L\u2019accesso al Teatro Regio di Parma non presenta barriere architettoniche. Dall\u2019ingresso, con percorso lineare e pianeggiante si pu\u00f2 accedere direttamente in platea, ove sono riservati quattro posti per spettatori con carrozzina. Nelle poltrone limitrofe a ciascun posto dedicato a spettatori con disabilit\u00e0 \u00e8 presente un posto riservato all\u2019accompagnatore. L\u2019accompagnatore dovr\u00e0 rimanere presente nel caso in cui lo spettatore non sia autosufficiente negli spostamenti per tutta la permanenza in Teatro.<\/p>\n\n\n\n<p class=\"wp-block-paragraph\">Gli spettatori in condizioni di deficit motorio temporaneo possessori di un biglietto o di un abbonamento di qualsiasi categoria (platea, palco, galleria) dovranno avvisare per tempo la Biglietteria che si riserver\u00e0 eventualmente di modificare l\u2019assegnazione dei posti seguendo le prescrizioni di sicurezza. Il Teatro si riserva altres\u00ec la possibilit\u00e0 di modificare il numero di posti disponibili per esigenze tecniche o di regia.<\/p>\n\n\n\n<p class=\"wp-block-paragraph\">Si informa altres\u00ec che i flussi delle vie di esodo non permettono la possibilit\u00e0 allo spettatore che accede in Teatro con carrozzina di sedersi autonomamente su una poltrona; pertanto, per salvaguardarne l\u2019esodo con la massima velocit\u00e0, lo spettatore \u00e8 tenuto per tutta la durata dello spettacolo a rimanere seduto sul proprio ausilio. Analogamente, lo spettatore che utilizza presidi motori dovr\u00e0 accomodarsi nei posti riservati, che permettono di riporre l\u2019ausilio nelle immediate vicinanze per un rapido utilizzo in caso di emergenza. Per usufruire di tali posti \u00e8 necessaria preventiva richiesta via e-mail alla Biglietteria (biglietteria@teatroregioparma.it), che provveder\u00e0 a prendere in carico la richiesta e fornire riscontro assegnando il posto pi\u00f9 consono secondo le prescrizioni di sicurezza e in base alla disponibilit\u00e0. Il biglietto ordinario acquistato con modalit\u00e0 diverse da quella indicata sopra non garantisce l\u2019accesso al Teatro a persone con carrozzina o ausili motori.<br><\/p>\n<\/div>\n<\/div>\n\n\t<\/div>\r\n\t\n\t\t<\/div>\r\n\t<\/div>\r\n\t\n\n\n<p class=\"wp-block-paragraph\"><\/p>\n","protected":false},"featured_media":3804,"template":"","meta":{"trigger":"","delay_number":"","delay_interval":"","delay_active":"","action":"","action_type":"","footnotes":""},"show-category":[55,56],"show-tipology":[],"show-target":[],"show-age":[],"class_list":["post-3803","show","type-show","status-publish","has-post-thumbnail","hentry","show-category-opera","show-category-season-27-opera"],"yoast_head":"<!-- This site is optimized with the Yoast SEO plugin v28.4 - https:\/\/yoast.com\/product\/yoast-seo-wordpress\/ -->\n<title>Boris Godunov - Teatro Regio di Parma<\/title>\n<meta name=\"robots\" content=\"index, follow, max-snippet:-1, max-image-preview:large, max-video-preview:-1\" \/>\n<link rel=\"canonical\" href=\"https:\/\/teatroregioparma.it\/en\/show\/boris-godunov\/\" \/>\n<meta property=\"og:locale\" content=\"en_US\" \/>\n<meta property=\"og:type\" content=\"article\" \/>\n<meta property=\"og:title\" content=\"Boris Godunov - Teatro Regio di Parma\" \/>\n<meta property=\"og:description\" content=\"Spettacolo Musica Modest Petrovi\u010d MusorgskijDramma musicale popolare in quattro parti (versione 1869 con inserti della versione 1874)Libretto di Modest Petrovi\u010d [&hellip;]\" \/>\n<meta property=\"og:url\" content=\"https:\/\/teatroregioparma.it\/en\/show\/boris-godunov\/\" \/>\n<meta property=\"og:site_name\" content=\"Teatro Regio di Parma\" \/>\n<meta property=\"article:modified_time\" content=\"2026-08-27T12:47:22+00:00\" \/>\n<meta property=\"og:image\" content=\"https:\/\/teatroregioparma.it\/wp-content\/uploads\/2026\/05\/TRP-26-BANNER-1920x1080-OPERA-BORIS-GODUNOV.png\" \/>\n\t<meta property=\"og:image:width\" content=\"1920\" \/>\n\t<meta property=\"og:image:height\" content=\"1080\" \/>\n\t<meta property=\"og:image:type\" content=\"image\/png\" \/>\n<meta name=\"twitter:card\" content=\"summary_large_image\" \/>\n<meta name=\"twitter:label1\" content=\"Est. reading time\" \/>\n\t<meta name=\"twitter:data1\" content=\"3 minutes\" \/>\n<script type=\"application\/ld+json\" class=\"yoast-schema-graph\">{\"@context\":\"https:\\\/\\\/schema.org\",\"@graph\":[{\"@type\":\"WebPage\",\"@id\":\"https:\\\/\\\/teatroregioparma.it\\\/en\\\/show\\\/boris-godunov\\\/\",\"url\":\"https:\\\/\\\/teatroregioparma.it\\\/en\\\/show\\\/boris-godunov\\\/\",\"name\":\"Boris Godunov - Teatro Regio di Parma\",\"isPartOf\":{\"@id\":\"https:\\\/\\\/teatroregioparma.it\\\/en\\\/#website\"},\"primaryImageOfPage\":{\"@id\":\"https:\\\/\\\/teatroregioparma.it\\\/en\\\/show\\\/boris-godunov\\\/#primaryimage\"},\"image\":{\"@id\":\"https:\\\/\\\/teatroregioparma.it\\\/en\\\/show\\\/boris-godunov\\\/#primaryimage\"},\"thumbnailUrl\":\"https:\\\/\\\/teatroregioparma.it\\\/wp-content\\\/uploads\\\/2026\\\/05\\\/TRP-26-BANNER-1920x1080-OPERA-BORIS-GODUNOV.png\",\"datePublished\":\"2026-04-24T15:11:49+00:00\",\"dateModified\":\"2026-08-27T12:47:22+00:00\",\"breadcrumb\":{\"@id\":\"https:\\\/\\\/teatroregioparma.it\\\/en\\\/show\\\/boris-godunov\\\/#breadcrumb\"},\"inLanguage\":\"en-US\",\"potentialAction\":[{\"@type\":\"ReadAction\",\"target\":[\"https:\\\/\\\/teatroregioparma.it\\\/en\\\/show\\\/boris-godunov\\\/\"]}]},{\"@type\":\"ImageObject\",\"inLanguage\":\"en-US\",\"@id\":\"https:\\\/\\\/teatroregioparma.it\\\/en\\\/show\\\/boris-godunov\\\/#primaryimage\",\"url\":\"https:\\\/\\\/teatroregioparma.it\\\/wp-content\\\/uploads\\\/2026\\\/05\\\/TRP-26-BANNER-1920x1080-OPERA-BORIS-GODUNOV.png\",\"contentUrl\":\"https:\\\/\\\/teatroregioparma.it\\\/wp-content\\\/uploads\\\/2026\\\/05\\\/TRP-26-BANNER-1920x1080-OPERA-BORIS-GODUNOV.png\",\"width\":1920,\"height\":1080},{\"@type\":\"BreadcrumbList\",\"@id\":\"https:\\\/\\\/teatroregioparma.it\\\/en\\\/show\\\/boris-godunov\\\/#breadcrumb\",\"itemListElement\":[{\"@type\":\"ListItem\",\"position\":1,\"name\":\"Home\",\"item\":\"https:\\\/\\\/teatroregioparma.it\\\/en\\\/\"},{\"@type\":\"ListItem\",\"position\":2,\"name\":\"Spettacolo\",\"item\":\"https:\\\/\\\/teatroregioparma.it\\\/en\\\/show\\\/\"},{\"@type\":\"ListItem\",\"position\":3,\"name\":\"Boris Godunov\"}]},{\"@type\":\"WebSite\",\"@id\":\"https:\\\/\\\/teatroregioparma.it\\\/en\\\/#website\",\"url\":\"https:\\\/\\\/teatroregioparma.it\\\/en\\\/\",\"name\":\"Teatro Regio di Parma\",\"description\":\"\",\"publisher\":{\"@id\":\"https:\\\/\\\/teatroregioparma.it\\\/en\\\/#organization\"},\"potentialAction\":[{\"@type\":\"SearchAction\",\"target\":{\"@type\":\"EntryPoint\",\"urlTemplate\":\"https:\\\/\\\/teatroregioparma.it\\\/en\\\/?s={search_term_string}\"},\"query-input\":{\"@type\":\"PropertyValueSpecification\",\"valueRequired\":true,\"valueName\":\"search_term_string\"}}],\"inLanguage\":\"en-US\"},{\"@type\":\"Organization\",\"@id\":\"https:\\\/\\\/teatroregioparma.it\\\/en\\\/#organization\",\"name\":\"Teatro Regio di Parma\",\"url\":\"https:\\\/\\\/teatroregioparma.it\\\/en\\\/\",\"logo\":{\"@type\":\"ImageObject\",\"inLanguage\":\"en-US\",\"@id\":\"https:\\\/\\\/teatroregioparma.it\\\/en\\\/#\\\/schema\\\/logo\\\/image\\\/\",\"url\":\"https:\\\/\\\/teatroregioparma.it\\\/wp-content\\\/uploads\\\/2026\\\/06\\\/cropped-teatroregioparma.png\",\"contentUrl\":\"https:\\\/\\\/teatroregioparma.it\\\/wp-content\\\/uploads\\\/2026\\\/06\\\/cropped-teatroregioparma.png\",\"width\":512,\"height\":512,\"caption\":\"Teatro Regio di Parma\"},\"image\":{\"@id\":\"https:\\\/\\\/teatroregioparma.it\\\/en\\\/#\\\/schema\\\/logo\\\/image\\\/\"}}]}<\/script>\n<!-- \/ Yoast SEO plugin. -->","yoast_head_json":{"title":"Boris Godunov - Teatro Regio di Parma","robots":{"index":"index","follow":"follow","max-snippet":"max-snippet:-1","max-image-preview":"max-image-preview:large","max-video-preview":"max-video-preview:-1"},"canonical":"https:\/\/teatroregioparma.it\/en\/show\/boris-godunov\/","og_locale":"en_US","og_type":"article","og_title":"Boris Godunov - Teatro Regio di Parma","og_description":"Spettacolo Musica Modest Petrovi\u010d MusorgskijDramma musicale popolare in quattro parti (versione 1869 con inserti della versione 1874)Libretto di Modest Petrovi\u010d [&hellip;]","og_url":"https:\/\/teatroregioparma.it\/en\/show\/boris-godunov\/","og_site_name":"Teatro Regio di Parma","article_modified_time":"2026-08-27T12:47:22+00:00","og_image":[{"width":1920,"height":1080,"url":"https:\/\/teatroregioparma.it\/wp-content\/uploads\/2026\/05\/TRP-26-BANNER-1920x1080-OPERA-BORIS-GODUNOV.png","type":"image\/png"}],"twitter_card":"summary_large_image","twitter_misc":{"Est. reading time":"3 minutes"},"schema":{"@context":"https:\/\/schema.org","@graph":[{"@type":"WebPage","@id":"https:\/\/teatroregioparma.it\/en\/show\/boris-godunov\/","url":"https:\/\/teatroregioparma.it\/en\/show\/boris-godunov\/","name":"Boris Godunov - Teatro Regio di Parma","isPartOf":{"@id":"https:\/\/teatroregioparma.it\/en\/#website"},"primaryImageOfPage":{"@id":"https:\/\/teatroregioparma.it\/en\/show\/boris-godunov\/#primaryimage"},"image":{"@id":"https:\/\/teatroregioparma.it\/en\/show\/boris-godunov\/#primaryimage"},"thumbnailUrl":"https:\/\/teatroregioparma.it\/wp-content\/uploads\/2026\/05\/TRP-26-BANNER-1920x1080-OPERA-BORIS-GODUNOV.png","datePublished":"2026-04-24T15:11:49+00:00","dateModified":"2026-08-27T12:47:22+00:00","breadcrumb":{"@id":"https:\/\/teatroregioparma.it\/en\/show\/boris-godunov\/#breadcrumb"},"inLanguage":"en-US","potentialAction":[{"@type":"ReadAction","target":["https:\/\/teatroregioparma.it\/en\/show\/boris-godunov\/"]}]},{"@type":"ImageObject","inLanguage":"en-US","@id":"https:\/\/teatroregioparma.it\/en\/show\/boris-godunov\/#primaryimage","url":"https:\/\/teatroregioparma.it\/wp-content\/uploads\/2026\/05\/TRP-26-BANNER-1920x1080-OPERA-BORIS-GODUNOV.png","contentUrl":"https:\/\/teatroregioparma.it\/wp-content\/uploads\/2026\/05\/TRP-26-BANNER-1920x1080-OPERA-BORIS-GODUNOV.png","width":1920,"height":1080},{"@type":"BreadcrumbList","@id":"https:\/\/teatroregioparma.it\/en\/show\/boris-godunov\/#breadcrumb","itemListElement":[{"@type":"ListItem","position":1,"name":"Home","item":"https:\/\/teatroregioparma.it\/en\/"},{"@type":"ListItem","position":2,"name":"Spettacolo","item":"https:\/\/teatroregioparma.it\/en\/show\/"},{"@type":"ListItem","position":3,"name":"Boris Godunov"}]},{"@type":"WebSite","@id":"https:\/\/teatroregioparma.it\/en\/#website","url":"https:\/\/teatroregioparma.it\/en\/","name":"Teatro Regio di Parma","description":"","publisher":{"@id":"https:\/\/teatroregioparma.it\/en\/#organization"},"potentialAction":[{"@type":"SearchAction","target":{"@type":"EntryPoint","urlTemplate":"https:\/\/teatroregioparma.it\/en\/?s={search_term_string}"},"query-input":{"@type":"PropertyValueSpecification","valueRequired":true,"valueName":"search_term_string"}}],"inLanguage":"en-US"},{"@type":"Organization","@id":"https:\/\/teatroregioparma.it\/en\/#organization","name":"Teatro Regio di Parma","url":"https:\/\/teatroregioparma.it\/en\/","logo":{"@type":"ImageObject","inLanguage":"en-US","@id":"https:\/\/teatroregioparma.it\/en\/#\/schema\/logo\/image\/","url":"https:\/\/teatroregioparma.it\/wp-content\/uploads\/2026\/06\/cropped-teatroregioparma.png","contentUrl":"https:\/\/teatroregioparma.it\/wp-content\/uploads\/2026\/06\/cropped-teatroregioparma.png","width":512,"height":512,"caption":"Teatro Regio di Parma"},"image":{"@id":"https:\/\/teatroregioparma.it\/en\/#\/schema\/logo\/image\/"}}]}},"_links":{"self":[{"href":"https:\/\/teatroregioparma.it\/en\/wp-json\/wp\/v2\/show\/3803","targetHints":{"allow":["GET"]}}],"collection":[{"href":"https:\/\/teatroregioparma.it\/en\/wp-json\/wp\/v2\/show"}],"about":[{"href":"https:\/\/teatroregioparma.it\/en\/wp-json\/wp\/v2\/types\/show"}],"version-history":[{"count":8,"href":"https:\/\/teatroregioparma.it\/en\/wp-json\/wp\/v2\/show\/3803\/revisions"}],"predecessor-version":[{"id":6087,"href":"https:\/\/teatroregioparma.it\/en\/wp-json\/wp\/v2\/show\/3803\/revisions\/6087"}],"wp:featuredmedia":[{"embeddable":true,"href":"https:\/\/teatroregioparma.it\/en\/wp-json\/wp\/v2\/media\/3804"}],"wp:attachment":[{"href":"https:\/\/teatroregioparma.it\/en\/wp-json\/wp\/v2\/media?parent=3803"}],"wp:term":[{"taxonomy":"show-category","embeddable":true,"href":"https:\/\/teatroregioparma.it\/en\/wp-json\/wp\/v2\/show-category?post=3803"},{"taxonomy":"show-tipology","embeddable":true,"href":"https:\/\/teatroregioparma.it\/en\/wp-json\/wp\/v2\/show-tipology?post=3803"},{"taxonomy":"show-target","embeddable":true,"href":"https:\/\/teatroregioparma.it\/en\/wp-json\/wp\/v2\/show-target?post=3803"},{"taxonomy":"show-age","embeddable":true,"href":"https:\/\/teatroregioparma.it\/en\/wp-json\/wp\/v2\/show-age?post=3803"}],"curies":[{"name":"wp","href":"https:\/\/api.w.org\/{rel}","templated":true}]}}